{"id":4336,"date":"2021-12-20T13:27:16","date_gmt":"2021-12-20T13:27:16","guid":{"rendered":"https:\/\/eypar.com\/proyectos\/seminario-diocesiano-de-almeria\/"},"modified":"2022-07-08T07:05:35","modified_gmt":"2022-07-08T07:05:35","slug":"seminario-diocesiano-de-almeria","status":"publish","type":"project","link":"https:\/\/eypar.com\/ca\/project\/seminario-diocesiano-de-almeria\/","title":{"rendered":"Seminario Diocesiano de Almer\u00eda"},"content":{"rendered":"<p>Completada la instalaci\u00f3n de estanter\u00edas m\u00f3viles  con destino al dep\u00f3sito  de la biblioteca del Seminario Conciliar de \u201cSan Indalecio\u201d en Almer\u00eda. Esta actuaci\u00f3n se ha efectuado tras equipar el nuevo archivo diocesano. En ambas ocasiones se ha elegido la soluci\u00f3n de armarios compactos EDISC.<\/p>\n","protected":false},"excerpt":{"rendered":"<p>Completada la instalaci\u00f3n de estanter\u00edas m\u00f3viles con destino al dep\u00f3sito de la biblioteca del Seminario Conciliar de \u201cSan Indalecio\u201d en Almer\u00eda. Esta actuaci\u00f3n se ha efectuado tras equipar el nuevo archivo diocesano. En ambas ocasiones se ha elegido la soluci\u00f3n de armarios compactos EDISC.<\/p>\n","protected":false},"author":1,"featured_media":2960,"template":"","meta":{"_acf_changed":false,"_et_pb_use_builder":"","_et_pb_old_content":"","_et_gb_content_width":"","footnotes":""},"project_category":[],"project_tag":[],"class_list":["post-4336","project","type-project","status-publish","has-post-thumbnail","hentry"],"acf":[],"yoast_head":"<!-- This site is optimized with the Yoast SEO plugin v25.2 - https:\/\/yoast.com\/wordpress\/plugins\/seo\/ -->\n<title>Seminario Diocesiano de Almer\u00eda - EYPAR<\/title>\n<meta name=\"robots\" content=\"index, follow, max-snippet:-1, max-image-preview:large, max-video-preview:-1\" \/>\n<link rel=\"canonical\" href=\"https:\/\/eypar.com\/ca\/proyectos\/seminario-diocesiano-de-almeria\/\" \/>\n<meta property=\"og:locale\" content=\"ca_ES\" \/>\n<meta property=\"og:type\" content=\"article\" \/>\n<meta property=\"og:title\" content=\"Seminario Diocesiano de Almer\u00eda - EYPAR\" \/>\n<meta property=\"og:description\" content=\"Completada la instalaci\u00f3n de estanter\u00edas m\u00f3viles con destino al dep\u00f3sito de la biblioteca del Seminario Conciliar de \u201cSan Indalecio\u201d en Almer\u00eda. Esta actuaci\u00f3n se ha efectuado tras equipar el nuevo archivo diocesano. En ambas ocasiones se ha elegido la soluci\u00f3n de armarios compactos EDISC.\" \/>\n<meta property=\"og:url\" content=\"https:\/\/eypar.com\/ca\/proyectos\/seminario-diocesiano-de-almeria\/\" \/>\n<meta property=\"og:site_name\" content=\"EYPAR\" \/>\n<meta property=\"article:modified_time\" content=\"2022-07-08T07:05:35+00:00\" \/>\n<meta property=\"og:image\" content=\"https:\/\/eypar.com\/wp-content\/uploads\/2021\/12\/Seminario-Diocesiano-de-Almeria.jpg\" \/>\n\t<meta property=\"og:image:width\" content=\"791\" \/>\n\t<meta property=\"og:image:height\" content=\"526\" \/>\n\t<meta property=\"og:image:type\" content=\"image\/jpeg\" \/>\n<meta name=\"twitter:card\" content=\"summary_large_image\" \/>\n<script type=\"application\/ld+json\" class=\"yoast-schema-graph\">{\"@context\":\"https:\/\/schema.org\",\"@graph\":[{\"@type\":\"WebPage\",\"@id\":\"https:\/\/eypar.com\/ca\/proyectos\/seminario-diocesiano-de-almeria\/\",\"url\":\"https:\/\/eypar.com\/ca\/proyectos\/seminario-diocesiano-de-almeria\/\",\"name\":\"Seminario Diocesiano de Almer\u00eda - EYPAR\",\"isPartOf\":{\"@id\":\"https:\/\/eypar.com\/#website\"},\"primaryImageOfPage\":{\"@id\":\"https:\/\/eypar.com\/ca\/proyectos\/seminario-diocesiano-de-almeria\/#primaryimage\"},\"image\":{\"@id\":\"https:\/\/eypar.com\/ca\/proyectos\/seminario-diocesiano-de-almeria\/#primaryimage\"},\"thumbnailUrl\":\"https:\/\/eypar.com\/wp-content\/uploads\/2021\/12\/Seminario-Diocesiano-de-Almeria.jpg\",\"datePublished\":\"2021-12-20T13:27:16+00:00\",\"dateModified\":\"2022-07-08T07:05:35+00:00\",\"breadcrumb\":{\"@id\":\"https:\/\/eypar.com\/ca\/proyectos\/seminario-diocesiano-de-almeria\/#breadcrumb\"},\"inLanguage\":\"ca\",\"potentialAction\":[{\"@type\":\"ReadAction\",\"target\":[\"https:\/\/eypar.com\/ca\/proyectos\/seminario-diocesiano-de-almeria\/\"]}]},{\"@type\":\"ImageObject\",\"inLanguage\":\"ca\",\"@id\":\"https:\/\/eypar.com\/ca\/proyectos\/seminario-diocesiano-de-almeria\/#primaryimage\",\"url\":\"https:\/\/eypar.com\/wp-content\/uploads\/2021\/12\/Seminario-Diocesiano-de-Almeria.jpg\",\"contentUrl\":\"https:\/\/eypar.com\/wp-content\/uploads\/2021\/12\/Seminario-Diocesiano-de-Almeria.jpg\",\"width\":791,\"height\":526},{\"@type\":\"BreadcrumbList\",\"@id\":\"https:\/\/eypar.com\/ca\/proyectos\/seminario-diocesiano-de-almeria\/#breadcrumb\",\"itemListElement\":[{\"@type\":\"ListItem\",\"position\":1,\"name\":\"Inicio\",\"item\":\"https:\/\/eypar.com\/ca\/\"},{\"@type\":\"ListItem\",\"position\":2,\"name\":\"Proyectos\",\"item\":\"https:\/\/eypar.com\/project\/\"},{\"@type\":\"ListItem\",\"position\":3,\"name\":\"Seminario Diocesiano de Almer\u00eda\"}]},{\"@type\":\"WebSite\",\"@id\":\"https:\/\/eypar.com\/#website\",\"url\":\"https:\/\/eypar.com\/\",\"name\":\"EYPAR\",\"description\":\"\",\"publisher\":{\"@id\":\"https:\/\/eypar.com\/#organization\"},\"potentialAction\":[{\"@type\":\"SearchAction\",\"target\":{\"@type\":\"EntryPoint\",\"urlTemplate\":\"https:\/\/eypar.com\/?s={search_term_string}\"},\"query-input\":{\"@type\":\"PropertyValueSpecification\",\"valueRequired\":true,\"valueName\":\"search_term_string\"}}],\"inLanguage\":\"ca\"},{\"@type\":\"Organization\",\"@id\":\"https:\/\/eypar.com\/#organization\",\"name\":\"EYPAR\",\"url\":\"https:\/\/eypar.com\/\",\"logo\":{\"@type\":\"ImageObject\",\"inLanguage\":\"ca\",\"@id\":\"https:\/\/eypar.com\/#\/schema\/logo\/image\/\",\"url\":\"https:\/\/eypar.com\/wp-content\/uploads\/2021\/12\/eypar-soluciones-almacenamiento.png\",\"contentUrl\":\"https:\/\/eypar.com\/wp-content\/uploads\/2021\/12\/eypar-soluciones-almacenamiento.png\",\"width\":304,\"height\":74,\"caption\":\"EYPAR\"},\"image\":{\"@id\":\"https:\/\/eypar.com\/#\/schema\/logo\/image\/\"}}]}<\/script>\n<!-- \/ Yoast SEO plugin. -->","yoast_head_json":{"title":"Seminario Diocesiano de Almer\u00eda - EYPAR","robots":{"index":"index","follow":"follow","max-snippet":"max-snippet:-1","max-image-preview":"max-image-preview:large","max-video-preview":"max-video-preview:-1"},"canonical":"https:\/\/eypar.com\/ca\/proyectos\/seminario-diocesiano-de-almeria\/","og_locale":"ca_ES","og_type":"article","og_title":"Seminario Diocesiano de Almer\u00eda - EYPAR","og_description":"Completada la instalaci\u00f3n de estanter\u00edas m\u00f3viles con destino al dep\u00f3sito de la biblioteca del Seminario Conciliar de \u201cSan Indalecio\u201d en Almer\u00eda. Esta actuaci\u00f3n se ha efectuado tras equipar el nuevo archivo diocesano. En ambas ocasiones se ha elegido la soluci\u00f3n de armarios compactos EDISC.","og_url":"https:\/\/eypar.com\/ca\/proyectos\/seminario-diocesiano-de-almeria\/","og_site_name":"EYPAR","article_modified_time":"2022-07-08T07:05:35+00:00","og_image":[{"width":791,"height":526,"url":"https:\/\/eypar.com\/wp-content\/uploads\/2021\/12\/Seminario-Diocesiano-de-Almeria.jpg","type":"image\/jpeg"}],"twitter_card":"summary_large_image","schema":{"@context":"https:\/\/schema.org","@graph":[{"@type":"WebPage","@id":"https:\/\/eypar.com\/ca\/proyectos\/seminario-diocesiano-de-almeria\/","url":"https:\/\/eypar.com\/ca\/proyectos\/seminario-diocesiano-de-almeria\/","name":"Seminario Diocesiano de Almer\u00eda - EYPAR","isPartOf":{"@id":"https:\/\/eypar.com\/#website"},"primaryImageOfPage":{"@id":"https:\/\/eypar.com\/ca\/proyectos\/seminario-diocesiano-de-almeria\/#primaryimage"},"image":{"@id":"https:\/\/eypar.com\/ca\/proyectos\/seminario-diocesiano-de-almeria\/#primaryimage"},"thumbnailUrl":"https:\/\/eypar.com\/wp-content\/uploads\/2021\/12\/Seminario-Diocesiano-de-Almeria.jpg","datePublished":"2021-12-20T13:27:16+00:00","dateModified":"2022-07-08T07:05:35+00:00","breadcrumb":{"@id":"https:\/\/eypar.com\/ca\/proyectos\/seminario-diocesiano-de-almeria\/#breadcrumb"},"inLanguage":"ca","potentialAction":[{"@type":"ReadAction","target":["https:\/\/eypar.com\/ca\/proyectos\/seminario-diocesiano-de-almeria\/"]}]},{"@type":"ImageObject","inLanguage":"ca","@id":"https:\/\/eypar.com\/ca\/proyectos\/seminario-diocesiano-de-almeria\/#primaryimage","url":"https:\/\/eypar.com\/wp-content\/uploads\/2021\/12\/Seminario-Diocesiano-de-Almeria.jpg","contentUrl":"https:\/\/eypar.com\/wp-content\/uploads\/2021\/12\/Seminario-Diocesiano-de-Almeria.jpg","width":791,"height":526},{"@type":"BreadcrumbList","@id":"https:\/\/eypar.com\/ca\/proyectos\/seminario-diocesiano-de-almeria\/#breadcrumb","itemListElement":[{"@type":"ListItem","position":1,"name":"Inicio","item":"https:\/\/eypar.com\/ca\/"},{"@type":"ListItem","position":2,"name":"Proyectos","item":"https:\/\/eypar.com\/project\/"},{"@type":"ListItem","position":3,"name":"Seminario Diocesiano de Almer\u00eda"}]},{"@type":"WebSite","@id":"https:\/\/eypar.com\/#website","url":"https:\/\/eypar.com\/","name":"EYPAR","description":"","publisher":{"@id":"https:\/\/eypar.com\/#organization"},"potentialAction":[{"@type":"SearchAction","target":{"@type":"EntryPoint","urlTemplate":"https:\/\/eypar.com\/?s={search_term_string}"},"query-input":{"@type":"PropertyValueSpecification","valueRequired":true,"valueName":"search_term_string"}}],"inLanguage":"ca"},{"@type":"Organization","@id":"https:\/\/eypar.com\/#organization","name":"EYPAR","url":"https:\/\/eypar.com\/","logo":{"@type":"ImageObject","inLanguage":"ca","@id":"https:\/\/eypar.com\/#\/schema\/logo\/image\/","url":"https:\/\/eypar.com\/wp-content\/uploads\/2021\/12\/eypar-soluciones-almacenamiento.png","contentUrl":"https:\/\/eypar.com\/wp-content\/uploads\/2021\/12\/eypar-soluciones-almacenamiento.png","width":304,"height":74,"caption":"EYPAR"},"image":{"@id":"https:\/\/eypar.com\/#\/schema\/logo\/image\/"}}]}},"_links":{"self":[{"href":"https:\/\/eypar.com\/ca\/wp-json\/wp\/v2\/project\/4336"}],"collection":[{"href":"https:\/\/eypar.com\/ca\/wp-json\/wp\/v2\/project"}],"about":[{"href":"https:\/\/eypar.com\/ca\/wp-json\/wp\/v2\/types\/project"}],"author":[{"embeddable":true,"href":"https:\/\/eypar.com\/ca\/wp-json\/wp\/v2\/users\/1"}],"version-history":[{"count":1,"href":"https:\/\/eypar.com\/ca\/wp-json\/wp\/v2\/project\/4336\/revisions"}],"predecessor-version":[{"id":4339,"href":"https:\/\/eypar.com\/ca\/wp-json\/wp\/v2\/project\/4336\/revisions\/4339"}],"wp:featuredmedia":[{"embeddable":true,"href":"https:\/\/eypar.com\/ca\/wp-json\/wp\/v2\/media\/2960"}],"wp:attachment":[{"href":"https:\/\/eypar.com\/ca\/wp-json\/wp\/v2\/media?parent=4336"}],"wp:term":[{"taxonomy":"project_category","embeddable":true,"href":"https:\/\/eypar.com\/ca\/wp-json\/wp\/v2\/project_category?post=4336"},{"taxonomy":"project_tag","embeddable":true,"href":"https:\/\/eypar.com\/ca\/wp-json\/wp\/v2\/project_tag?post=4336"}],"curies":[{"name":"wp","href":"https:\/\/api.w.org\/{rel}","templated":true}]}}