{"id":4320,"date":"2021-12-20T14:12:37","date_gmt":"2021-12-20T14:12:37","guid":{"rendered":"https:\/\/eypar.com\/proyectos\/centro-de-arte-dos-de-mayo-madrid\/"},"modified":"2021-12-20T14:12:37","modified_gmt":"2021-12-20T14:12:37","slug":"centro-de-arte-dos-de-mayo-madrid","status":"publish","type":"project","link":"https:\/\/eypar.com\/ca\/project\/centro-de-arte-dos-de-mayo-madrid\/","title":{"rendered":"Centro de Arte Dos de Mayo, Madrid"},"content":{"rendered":"<p>Sede de las colecciones de Arte de la Comunidad de Madrid, nace con la concepci\u00f3n de centro din\u00e1mico y multidisciplinar. Dotado con m\u00e1s de 1.800 metros cuadrados de salas de exposici\u00f3n, almacenes para obras de arte, \u00e1rea de administraci\u00f3n, sala de documentaci\u00f3n y mediateca, cafeter\u00eda, tienda, etc.<br \/>\nEYPAR fue seleccionada por la Consejer\u00eda de Cultura de la Comunidad de Madrid para equipar los almacenes de dep\u00f3sito con el sistema de peines colgantes BLOCK-ART Se dot\u00f3 al dep\u00f3sito con una capacidad aproximada de 1.500 metros cuadrados \u00fatiles para el almac\u00e9n de cuadros. Proyecto realizado en 2009.<\/p>\n","protected":false},"excerpt":{"rendered":"<p>Sede de las colecciones de Arte de la Comunidad de Madrid, nace con la concepci\u00f3n de centro din\u00e1mico y multidisciplinar. Dotado con m\u00e1s de 1.800 metros cuadrados de salas de exposici\u00f3n, almacenes para obras de arte, \u00e1rea de administraci\u00f3n, sala de documentaci\u00f3n y mediateca, cafeter\u00eda, tienda, etc. EYPAR fue seleccionada por la Consejer\u00eda de Cultura [&hellip;]<\/p>\n","protected":false},"author":1,"featured_media":3015,"template":"","meta":{"_acf_changed":false,"_et_pb_use_builder":"","_et_pb_old_content":"","_et_gb_content_width":"","footnotes":""},"project_category":[],"project_tag":[],"class_list":["post-4320","project","type-project","status-publish","has-post-thumbnail","hentry"],"acf":[],"yoast_head":"<!-- This site is optimized with the Yoast SEO plugin v25.2 - https:\/\/yoast.com\/wordpress\/plugins\/seo\/ -->\n<title>Centro de Arte Dos de Mayo, Madrid - EYPAR<\/title>\n<meta name=\"robots\" content=\"index, follow, max-snippet:-1, max-image-preview:large, max-video-preview:-1\" \/>\n<link rel=\"canonical\" href=\"https:\/\/eypar.com\/ca\/proyectos\/centro-de-arte-dos-de-mayo-madrid\/\" \/>\n<meta property=\"og:locale\" content=\"ca_ES\" \/>\n<meta property=\"og:type\" content=\"article\" \/>\n<meta property=\"og:title\" content=\"Centro de Arte Dos de Mayo, Madrid - EYPAR\" \/>\n<meta property=\"og:description\" content=\"Sede de las colecciones de Arte de la Comunidad de Madrid, nace con la concepci\u00f3n de centro din\u00e1mico y multidisciplinar. Dotado con m\u00e1s de 1.800 metros cuadrados de salas de exposici\u00f3n, almacenes para obras de arte, \u00e1rea de administraci\u00f3n, sala de documentaci\u00f3n y mediateca, cafeter\u00eda, tienda, etc. EYPAR fue seleccionada por la Consejer\u00eda de Cultura [&hellip;]\" \/>\n<meta property=\"og:url\" content=\"https:\/\/eypar.com\/ca\/proyectos\/centro-de-arte-dos-de-mayo-madrid\/\" \/>\n<meta property=\"og:site_name\" content=\"EYPAR\" \/>\n<meta name=\"twitter:card\" content=\"summary_large_image\" \/>\n<meta name=\"twitter:label1\" content=\"Temps estimat de lectura\" \/>\n\t<meta name=\"twitter:data1\" content=\"1 minut\" \/>\n<script type=\"application\/ld+json\" class=\"yoast-schema-graph\">{\"@context\":\"https:\/\/schema.org\",\"@graph\":[{\"@type\":\"WebPage\",\"@id\":\"https:\/\/eypar.com\/ca\/proyectos\/centro-de-arte-dos-de-mayo-madrid\/\",\"url\":\"https:\/\/eypar.com\/ca\/proyectos\/centro-de-arte-dos-de-mayo-madrid\/\",\"name\":\"Centro de Arte Dos de Mayo, Madrid - EYPAR\",\"isPartOf\":{\"@id\":\"https:\/\/eypar.com\/#website\"},\"primaryImageOfPage\":{\"@id\":\"https:\/\/eypar.com\/ca\/proyectos\/centro-de-arte-dos-de-mayo-madrid\/#primaryimage\"},\"image\":{\"@id\":\"https:\/\/eypar.com\/ca\/proyectos\/centro-de-arte-dos-de-mayo-madrid\/#primaryimage\"},\"thumbnailUrl\":\"https:\/\/eypar.com\/wp-content\/uploads\/2021\/12\/DOS_DE_MAYO_2.jpg\",\"datePublished\":\"2021-12-20T14:12:37+00:00\",\"breadcrumb\":{\"@id\":\"https:\/\/eypar.com\/ca\/proyectos\/centro-de-arte-dos-de-mayo-madrid\/#breadcrumb\"},\"inLanguage\":\"ca\",\"potentialAction\":[{\"@type\":\"ReadAction\",\"target\":[\"https:\/\/eypar.com\/ca\/proyectos\/centro-de-arte-dos-de-mayo-madrid\/\"]}]},{\"@type\":\"ImageObject\",\"inLanguage\":\"ca\",\"@id\":\"https:\/\/eypar.com\/ca\/proyectos\/centro-de-arte-dos-de-mayo-madrid\/#primaryimage\",\"url\":\"https:\/\/eypar.com\/wp-content\/uploads\/2021\/12\/DOS_DE_MAYO_2.jpg\",\"contentUrl\":\"https:\/\/eypar.com\/wp-content\/uploads\/2021\/12\/DOS_DE_MAYO_2.jpg\",\"width\":781,\"height\":518},{\"@type\":\"BreadcrumbList\",\"@id\":\"https:\/\/eypar.com\/ca\/proyectos\/centro-de-arte-dos-de-mayo-madrid\/#breadcrumb\",\"itemListElement\":[{\"@type\":\"ListItem\",\"position\":1,\"name\":\"Inicio\",\"item\":\"https:\/\/eypar.com\/ca\/\"},{\"@type\":\"ListItem\",\"position\":2,\"name\":\"Proyectos\",\"item\":\"https:\/\/eypar.com\/project\/\"},{\"@type\":\"ListItem\",\"position\":3,\"name\":\"Centro de Arte Dos de Mayo, Madrid\"}]},{\"@type\":\"WebSite\",\"@id\":\"https:\/\/eypar.com\/#website\",\"url\":\"https:\/\/eypar.com\/\",\"name\":\"EYPAR\",\"description\":\"\",\"publisher\":{\"@id\":\"https:\/\/eypar.com\/#organization\"},\"potentialAction\":[{\"@type\":\"SearchAction\",\"target\":{\"@type\":\"EntryPoint\",\"urlTemplate\":\"https:\/\/eypar.com\/?s={search_term_string}\"},\"query-input\":{\"@type\":\"PropertyValueSpecification\",\"valueRequired\":true,\"valueName\":\"search_term_string\"}}],\"inLanguage\":\"ca\"},{\"@type\":\"Organization\",\"@id\":\"https:\/\/eypar.com\/#organization\",\"name\":\"EYPAR\",\"url\":\"https:\/\/eypar.com\/\",\"logo\":{\"@type\":\"ImageObject\",\"inLanguage\":\"ca\",\"@id\":\"https:\/\/eypar.com\/#\/schema\/logo\/image\/\",\"url\":\"https:\/\/eypar.com\/wp-content\/uploads\/2021\/12\/eypar-soluciones-almacenamiento.png\",\"contentUrl\":\"https:\/\/eypar.com\/wp-content\/uploads\/2021\/12\/eypar-soluciones-almacenamiento.png\",\"width\":304,\"height\":74,\"caption\":\"EYPAR\"},\"image\":{\"@id\":\"https:\/\/eypar.com\/#\/schema\/logo\/image\/\"}}]}<\/script>\n<!-- \/ Yoast SEO plugin. -->","yoast_head_json":{"title":"Centro de Arte Dos de Mayo, Madrid - EYPAR","robots":{"index":"index","follow":"follow","max-snippet":"max-snippet:-1","max-image-preview":"max-image-preview:large","max-video-preview":"max-video-preview:-1"},"canonical":"https:\/\/eypar.com\/ca\/proyectos\/centro-de-arte-dos-de-mayo-madrid\/","og_locale":"ca_ES","og_type":"article","og_title":"Centro de Arte Dos de Mayo, Madrid - EYPAR","og_description":"Sede de las colecciones de Arte de la Comunidad de Madrid, nace con la concepci\u00f3n de centro din\u00e1mico y multidisciplinar. Dotado con m\u00e1s de 1.800 metros cuadrados de salas de exposici\u00f3n, almacenes para obras de arte, \u00e1rea de administraci\u00f3n, sala de documentaci\u00f3n y mediateca, cafeter\u00eda, tienda, etc. EYPAR fue seleccionada por la Consejer\u00eda de Cultura [&hellip;]","og_url":"https:\/\/eypar.com\/ca\/proyectos\/centro-de-arte-dos-de-mayo-madrid\/","og_site_name":"EYPAR","twitter_card":"summary_large_image","twitter_misc":{"Temps estimat de lectura":"1 minut"},"schema":{"@context":"https:\/\/schema.org","@graph":[{"@type":"WebPage","@id":"https:\/\/eypar.com\/ca\/proyectos\/centro-de-arte-dos-de-mayo-madrid\/","url":"https:\/\/eypar.com\/ca\/proyectos\/centro-de-arte-dos-de-mayo-madrid\/","name":"Centro de Arte Dos de Mayo, Madrid - EYPAR","isPartOf":{"@id":"https:\/\/eypar.com\/#website"},"primaryImageOfPage":{"@id":"https:\/\/eypar.com\/ca\/proyectos\/centro-de-arte-dos-de-mayo-madrid\/#primaryimage"},"image":{"@id":"https:\/\/eypar.com\/ca\/proyectos\/centro-de-arte-dos-de-mayo-madrid\/#primaryimage"},"thumbnailUrl":"https:\/\/eypar.com\/wp-content\/uploads\/2021\/12\/DOS_DE_MAYO_2.jpg","datePublished":"2021-12-20T14:12:37+00:00","breadcrumb":{"@id":"https:\/\/eypar.com\/ca\/proyectos\/centro-de-arte-dos-de-mayo-madrid\/#breadcrumb"},"inLanguage":"ca","potentialAction":[{"@type":"ReadAction","target":["https:\/\/eypar.com\/ca\/proyectos\/centro-de-arte-dos-de-mayo-madrid\/"]}]},{"@type":"ImageObject","inLanguage":"ca","@id":"https:\/\/eypar.com\/ca\/proyectos\/centro-de-arte-dos-de-mayo-madrid\/#primaryimage","url":"https:\/\/eypar.com\/wp-content\/uploads\/2021\/12\/DOS_DE_MAYO_2.jpg","contentUrl":"https:\/\/eypar.com\/wp-content\/uploads\/2021\/12\/DOS_DE_MAYO_2.jpg","width":781,"height":518},{"@type":"BreadcrumbList","@id":"https:\/\/eypar.com\/ca\/proyectos\/centro-de-arte-dos-de-mayo-madrid\/#breadcrumb","itemListElement":[{"@type":"ListItem","position":1,"name":"Inicio","item":"https:\/\/eypar.com\/ca\/"},{"@type":"ListItem","position":2,"name":"Proyectos","item":"https:\/\/eypar.com\/project\/"},{"@type":"ListItem","position":3,"name":"Centro de Arte Dos de Mayo, Madrid"}]},{"@type":"WebSite","@id":"https:\/\/eypar.com\/#website","url":"https:\/\/eypar.com\/","name":"EYPAR","description":"","publisher":{"@id":"https:\/\/eypar.com\/#organization"},"potentialAction":[{"@type":"SearchAction","target":{"@type":"EntryPoint","urlTemplate":"https:\/\/eypar.com\/?s={search_term_string}"},"query-input":{"@type":"PropertyValueSpecification","valueRequired":true,"valueName":"search_term_string"}}],"inLanguage":"ca"},{"@type":"Organization","@id":"https:\/\/eypar.com\/#organization","name":"EYPAR","url":"https:\/\/eypar.com\/","logo":{"@type":"ImageObject","inLanguage":"ca","@id":"https:\/\/eypar.com\/#\/schema\/logo\/image\/","url":"https:\/\/eypar.com\/wp-content\/uploads\/2021\/12\/eypar-soluciones-almacenamiento.png","contentUrl":"https:\/\/eypar.com\/wp-content\/uploads\/2021\/12\/eypar-soluciones-almacenamiento.png","width":304,"height":74,"caption":"EYPAR"},"image":{"@id":"https:\/\/eypar.com\/#\/schema\/logo\/image\/"}}]}},"_links":{"self":[{"href":"https:\/\/eypar.com\/ca\/wp-json\/wp\/v2\/project\/4320"}],"collection":[{"href":"https:\/\/eypar.com\/ca\/wp-json\/wp\/v2\/project"}],"about":[{"href":"https:\/\/eypar.com\/ca\/wp-json\/wp\/v2\/types\/project"}],"author":[{"embeddable":true,"href":"https:\/\/eypar.com\/ca\/wp-json\/wp\/v2\/users\/1"}],"version-history":[{"count":0,"href":"https:\/\/eypar.com\/ca\/wp-json\/wp\/v2\/project\/4320\/revisions"}],"wp:featuredmedia":[{"embeddable":true,"href":"https:\/\/eypar.com\/ca\/wp-json\/wp\/v2\/media\/3015"}],"wp:attachment":[{"href":"https:\/\/eypar.com\/ca\/wp-json\/wp\/v2\/media?parent=4320"}],"wp:term":[{"taxonomy":"project_category","embeddable":true,"href":"https:\/\/eypar.com\/ca\/wp-json\/wp\/v2\/project_category?post=4320"},{"taxonomy":"project_tag","embeddable":true,"href":"https:\/\/eypar.com\/ca\/wp-json\/wp\/v2\/project_tag?post=4320"}],"curies":[{"name":"wp","href":"https:\/\/api.w.org\/{rel}","templated":true}]}}